{"id":100440,"date":"2024-04-17T08:33:27","date_gmt":"2024-04-17T07:33:27","guid":{"rendered":"https:\/\/www.fondazionepirelli.org\/la-fondazione-consiglia\/gabriel-garcia-marquez-2\/"},"modified":"2024-05-20T10:13:14","modified_gmt":"2024-05-20T09:13:14","slug":"gabriel-garcia-marquez-2","status":"publish","type":"reviews","link":"https:\/\/www.fondazionepirelli.org\/en\/the-foundation-recommends\/gabriel-garcia-marquez-2\/","title":{"rendered":"Gabriel Garc\u00eda M\u00e1rquez"},"content":{"rendered":"<p>Gabriel Garc\u00eda M\u00e1rquez was born in Aracataca, in Colombia, on 6 March, 1927, and died in Mexico City on 17 April, 2014.<\/p>\n<p>Garc\u00eda M\u00e1rquez was one of the 20th century\u2019s most important Latin American authors and a leading exponent of the magic realism movement. In \u2018Cien a\u00f1os de soledad\u2019 (One Hundred Years of Solitude), he takes us to a magical and imaginary Caribbean city, Macondo, where the events surrounding seven generations of the Buendia family, whose forefather Jos\u00e9 Arcadio founded the city, take place.<\/p>\n","protected":false},"excerpt":{"rendered":"<p>Gabriel Garc\u00eda M\u00e1rquez was born in Aracataca, in Colombia, on 6 March, 1927, and died in Mexico City on 17 April, 2014. Garc\u00eda M\u00e1rquez was one of the 20th century\u2019s most important Latin American authors and a leading exponent of the magic realism movement. In \u2018Cien a\u00f1os de soledad\u2019 (One Hundred Years of Solitude), he [&hellip;]<\/p>\n","protected":false},"featured_media":99841,"template":"","categoria_consigli":[624],"class_list":["post-100440","reviews","type-reviews","status-publish","has-post-thumbnail","hentry","categoria_consigli-dal-mondo-della-lettura"],"acf":[],"yoast_head":"<!-- This site is optimized with the Yoast SEO plugin v25.0 - https:\/\/yoast.com\/wordpress\/plugins\/seo\/ -->\n<title>Gabriel Garc\u00eda M\u00e1rquez - Fondazione Pirelli<\/title>\n<meta name=\"robots\" content=\"index, follow, max-snippet:-1, max-image-preview:large, max-video-preview:-1\" \/>\n<link rel=\"canonical\" href=\"https:\/\/www.fondazionepirelli.org\/en\/the-foundation-recommends\/gabriel-garcia-marquez-2\/\" \/>\n<meta property=\"og:locale\" content=\"en_US\" \/>\n<meta property=\"og:type\" content=\"article\" \/>\n<meta property=\"og:title\" content=\"Gabriel Garc\u00eda M\u00e1rquez - Fondazione Pirelli\" \/>\n<meta property=\"og:description\" content=\"Gabriel Garc\u00eda M\u00e1rquez was born in Aracataca, in Colombia, on 6 March, 1927, and died in Mexico City on 17 April, 2014. Garc\u00eda M\u00e1rquez was one of the 20th century\u2019s most important Latin American authors and a leading exponent of the magic realism movement. In \u2018Cien a\u00f1os de soledad\u2019 (One Hundred Years of Solitude), he [&hellip;]\" \/>\n<meta property=\"og:url\" content=\"https:\/\/www.fondazionepirelli.org\/en\/the-foundation-recommends\/gabriel-garcia-marquez-2\/\" \/>\n<meta property=\"og:site_name\" content=\"Fondazione Pirelli\" \/>\n<meta property=\"article:modified_time\" content=\"2024-05-20T09:13:14+00:00\" \/>\n<meta property=\"og:image\" content=\"https:\/\/wpsite-assets.fondazionepirelli.org\/wp-content\/uploads\/2024\/03\/22103404\/Marquez.png\" \/>\n\t<meta property=\"og:image:width\" content=\"536\" \/>\n\t<meta property=\"og:image:height\" content=\"511\" \/>\n\t<meta property=\"og:image:type\" content=\"image\/png\" \/>\n<meta name=\"twitter:card\" content=\"summary_large_image\" \/>\n<script type=\"application\/ld+json\" class=\"yoast-schema-graph\">{\"@context\":\"https:\/\/schema.org\",\"@graph\":[{\"@type\":\"WebPage\",\"@id\":\"https:\/\/www.fondazionepirelli.org\/en\/the-foundation-recommends\/gabriel-garcia-marquez-2\/\",\"url\":\"https:\/\/www.fondazionepirelli.org\/en\/the-foundation-recommends\/gabriel-garcia-marquez-2\/\",\"name\":\"Gabriel Garc\u00eda M\u00e1rquez - Fondazione Pirelli\",\"isPartOf\":{\"@id\":\"https:\/\/www.fondazionepirelli.org\/it\/#website\"},\"primaryImageOfPage\":{\"@id\":\"https:\/\/www.fondazionepirelli.org\/en\/the-foundation-recommends\/gabriel-garcia-marquez-2\/#primaryimage\"},\"image\":{\"@id\":\"https:\/\/www.fondazionepirelli.org\/en\/the-foundation-recommends\/gabriel-garcia-marquez-2\/#primaryimage\"},\"thumbnailUrl\":\"https:\/\/wpsite-assets.fondazionepirelli.org\/wp-content\/uploads\/2024\/03\/22103404\/Marquez.png\",\"datePublished\":\"2024-04-17T07:33:27+00:00\",\"dateModified\":\"2024-05-20T09:13:14+00:00\",\"breadcrumb\":{\"@id\":\"https:\/\/www.fondazionepirelli.org\/en\/the-foundation-recommends\/gabriel-garcia-marquez-2\/#breadcrumb\"},\"inLanguage\":\"en-US\",\"potentialAction\":[{\"@type\":\"ReadAction\",\"target\":[\"https:\/\/www.fondazionepirelli.org\/en\/the-foundation-recommends\/gabriel-garcia-marquez-2\/\"]}]},{\"@type\":\"ImageObject\",\"inLanguage\":\"en-US\",\"@id\":\"https:\/\/www.fondazionepirelli.org\/en\/the-foundation-recommends\/gabriel-garcia-marquez-2\/#primaryimage\",\"url\":\"https:\/\/wpsite-assets.fondazionepirelli.org\/wp-content\/uploads\/2024\/03\/22103404\/Marquez.png\",\"contentUrl\":\"https:\/\/wpsite-assets.fondazionepirelli.org\/wp-content\/uploads\/2024\/03\/22103404\/Marquez.png\",\"width\":536,\"height\":511},{\"@type\":\"BreadcrumbList\",\"@id\":\"https:\/\/www.fondazionepirelli.org\/en\/the-foundation-recommends\/gabriel-garcia-marquez-2\/#breadcrumb\",\"itemListElement\":[{\"@type\":\"ListItem\",\"position\":1,\"name\":\"Home\",\"item\":\"https:\/\/www.fondazionepirelli.org\/en\/\"},{\"@type\":\"ListItem\",\"position\":2,\"name\":\"Gabriel Garc\u00eda M\u00e1rquez\"}]},{\"@type\":\"WebSite\",\"@id\":\"https:\/\/www.fondazionepirelli.org\/it\/#website\",\"url\":\"https:\/\/www.fondazionepirelli.org\/it\/\",\"name\":\"Fondazione Pirelli\",\"description\":\"\",\"potentialAction\":[{\"@type\":\"SearchAction\",\"target\":{\"@type\":\"EntryPoint\",\"urlTemplate\":\"https:\/\/www.fondazionepirelli.org\/it\/?s={search_term_string}\"},\"query-input\":{\"@type\":\"PropertyValueSpecification\",\"valueRequired\":true,\"valueName\":\"search_term_string\"}}],\"inLanguage\":\"en-US\"}]}<\/script>\n<!-- \/ Yoast SEO plugin. -->","yoast_head_json":{"title":"Gabriel Garc\u00eda M\u00e1rquez - Fondazione Pirelli","robots":{"index":"index","follow":"follow","max-snippet":"max-snippet:-1","max-image-preview":"max-image-preview:large","max-video-preview":"max-video-preview:-1"},"canonical":"https:\/\/www.fondazionepirelli.org\/en\/the-foundation-recommends\/gabriel-garcia-marquez-2\/","og_locale":"en_US","og_type":"article","og_title":"Gabriel Garc\u00eda M\u00e1rquez - Fondazione Pirelli","og_description":"Gabriel Garc\u00eda M\u00e1rquez was born in Aracataca, in Colombia, on 6 March, 1927, and died in Mexico City on 17 April, 2014. Garc\u00eda M\u00e1rquez was one of the 20th century\u2019s most important Latin American authors and a leading exponent of the magic realism movement. In \u2018Cien a\u00f1os de soledad\u2019 (One Hundred Years of Solitude), he [&hellip;]","og_url":"https:\/\/www.fondazionepirelli.org\/en\/the-foundation-recommends\/gabriel-garcia-marquez-2\/","og_site_name":"Fondazione Pirelli","article_modified_time":"2024-05-20T09:13:14+00:00","og_image":[{"width":536,"height":511,"url":"https:\/\/wpsite-assets.fondazionepirelli.org\/wp-content\/uploads\/2024\/03\/22103404\/Marquez.png","type":"image\/png"}],"twitter_card":"summary_large_image","schema":{"@context":"https:\/\/schema.org","@graph":[{"@type":"WebPage","@id":"https:\/\/www.fondazionepirelli.org\/en\/the-foundation-recommends\/gabriel-garcia-marquez-2\/","url":"https:\/\/www.fondazionepirelli.org\/en\/the-foundation-recommends\/gabriel-garcia-marquez-2\/","name":"Gabriel Garc\u00eda M\u00e1rquez - Fondazione Pirelli","isPartOf":{"@id":"https:\/\/www.fondazionepirelli.org\/it\/#website"},"primaryImageOfPage":{"@id":"https:\/\/www.fondazionepirelli.org\/en\/the-foundation-recommends\/gabriel-garcia-marquez-2\/#primaryimage"},"image":{"@id":"https:\/\/www.fondazionepirelli.org\/en\/the-foundation-recommends\/gabriel-garcia-marquez-2\/#primaryimage"},"thumbnailUrl":"https:\/\/wpsite-assets.fondazionepirelli.org\/wp-content\/uploads\/2024\/03\/22103404\/Marquez.png","datePublished":"2024-04-17T07:33:27+00:00","dateModified":"2024-05-20T09:13:14+00:00","breadcrumb":{"@id":"https:\/\/www.fondazionepirelli.org\/en\/the-foundation-recommends\/gabriel-garcia-marquez-2\/#breadcrumb"},"inLanguage":"en-US","potentialAction":[{"@type":"ReadAction","target":["https:\/\/www.fondazionepirelli.org\/en\/the-foundation-recommends\/gabriel-garcia-marquez-2\/"]}]},{"@type":"ImageObject","inLanguage":"en-US","@id":"https:\/\/www.fondazionepirelli.org\/en\/the-foundation-recommends\/gabriel-garcia-marquez-2\/#primaryimage","url":"https:\/\/wpsite-assets.fondazionepirelli.org\/wp-content\/uploads\/2024\/03\/22103404\/Marquez.png","contentUrl":"https:\/\/wpsite-assets.fondazionepirelli.org\/wp-content\/uploads\/2024\/03\/22103404\/Marquez.png","width":536,"height":511},{"@type":"BreadcrumbList","@id":"https:\/\/www.fondazionepirelli.org\/en\/the-foundation-recommends\/gabriel-garcia-marquez-2\/#breadcrumb","itemListElement":[{"@type":"ListItem","position":1,"name":"Home","item":"https:\/\/www.fondazionepirelli.org\/en\/"},{"@type":"ListItem","position":2,"name":"Gabriel Garc\u00eda M\u00e1rquez"}]},{"@type":"WebSite","@id":"https:\/\/www.fondazionepirelli.org\/it\/#website","url":"https:\/\/www.fondazionepirelli.org\/it\/","name":"Fondazione Pirelli","description":"","potentialAction":[{"@type":"SearchAction","target":{"@type":"EntryPoint","urlTemplate":"https:\/\/www.fondazionepirelli.org\/it\/?s={search_term_string}"},"query-input":{"@type":"PropertyValueSpecification","valueRequired":true,"valueName":"search_term_string"}}],"inLanguage":"en-US"}]}},"_links":{"self":[{"href":"https:\/\/www.fondazionepirelli.org\/en\/wp-json\/wp\/v2\/reviews\/100440\/"}],"collection":[{"href":"https:\/\/www.fondazionepirelli.org\/en\/wp-json\/wp\/v2\/reviews\/"}],"about":[{"href":"https:\/\/www.fondazionepirelli.org\/en\/wp-json\/wp\/v2\/types\/reviews\/"}],"wp:featuredmedia":[{"embeddable":true,"href":"https:\/\/www.fondazionepirelli.org\/en\/wp-json\/wp\/v2\/media\/99841\/"}],"wp:attachment":[{"href":"https:\/\/www.fondazionepirelli.org\/en\/wp-json\/wp\/v2\/media\/?parent=100440"}],"wp:term":[{"taxonomy":"categoria_consigli","embeddable":true,"href":"https:\/\/www.fondazionepirelli.org\/en\/wp-json\/wp\/v2\/categoria_consigli\/?post=100440"}],"curies":[{"name":"wp","href":"https:\/\/api.w.org\/{rel}","templated":true}]}}