{"id":94626,"date":"2023-03-01T10:56:28","date_gmt":"2023-03-01T09:56:28","guid":{"rendered":"https:\/\/www.fondazionepirelli.org\/?post_type=reviews&#038;p=94626"},"modified":"2023-03-01T10:56:28","modified_gmt":"2023-03-01T09:56:28","slug":"temporali","status":"publish","type":"reviews","link":"https:\/\/www.fondazionepirelli.org\/it\/la-fondazione-consiglia\/temporali\/","title":{"rendered":"Temporali"},"content":{"rendered":"<p><em>Venerd\u00ec 19 maggio, ore 11.56<\/em>. A Bologna sta piovendo. Un improvviso boato sembra far presagire uno di quei temporali che potrebbe spazzare via ogni cosa. Ma non \u00e8 un tuono. \u00c8 una bomba. Quella appena scoppiata in un liceo di Bologna. \u00c8 l&#8217;attentato terroristico pi\u00f9 grave della storia italiana. O meglio, lo sarebbe stato se non che\u2026 l&#8217;attentato non \u00e8 ancora avvenuto, e questa storia comincia gioved\u00ec 18 maggio. Gli Agenti hanno ventiquattro ore per andare avanti e indietro nel tempo ed evitare la tragedia.<\/p>\n<p>Una storia, due versioni. Un gioco combinatorio che lascia al lettore la pi\u00f9 grande delle libert\u00e0: scegliere in che ordine andranno gli eventi. \u00c8 il tempo la chiave di tutto. Sar\u00e0 quello lineare e cronologico di \u201cFabula\u201d oppure quello fatto di salti avanti e indietro nel tempo che segue i movimenti dei protagonisti di \u201cIntreccio\u201d?<\/p>\n<p>I due romanzi, diversi solo per l\u2019ordine dei capitoli e la copertina, possono essere letti in entrambe le modalit\u00e0. In coda a ogni volume si trova, infatti, un doppio indice, quello relativo al libro stesso e quello che rimette i capitoli nell\u2019ordine dell\u2019altro. Per il resto, i capitoli sono identici ma, se letti nell\u2019ordine proposto da \u201cFabula\u201d il lettore avr\u00e0 davanti a s\u00e9 un giallo dal ritmo incalzante in cui interrogativi ed eventi sempre pi\u00f9 misteriosi portano alla risoluzione dell\u2019enigma, mentre se letti in modalit\u00e0 \u201cIntreccio\u201d si entrer\u00e0 in un thriller da \u201cfiato sospeso\u201d che trascina il lettore fino alla fine della missione.<\/p>\n<p>Quello proposto da Morosinotto \u00e8 un esercizio che supera il topos dei \u201cparadossi temporali\u201d portandoli a un altro livello, quello metanarrativo. <em>Temporali<\/em> lascia il lettore con un grande quesito: qual \u00e8, a tutti gli effetti, il \u201cgiusto\u201d ordine della storia? E se ogni scelta che facciamo influenza il futuro, lo sono forse entrambi?<\/p><p><em>Temporali<\/em><\/p>\n<p>di Davide Morosinotto<\/p>\n<p>Camelozampa, 2022<\/p>\n","protected":false},"excerpt":{"rendered":"<p>Venerd\u00ec 19 maggio, ore 11.56. A Bologna sta piovendo. Un improvviso boato sembra far presagire uno di quei temporali che potrebbe spazzare via ogni cosa. Ma non \u00e8 un tuono. \u00c8 una bomba. Quella appena scoppiata in un liceo di Bologna. \u00c8 l&#8217;attentato terroristico pi\u00f9 grave della storia italiana. O meglio, lo sarebbe stato se [&hellip;]<\/p>\n","protected":false},"featured_media":94627,"template":"","categoria_consigli":[623],"class_list":["post-94626","reviews","type-reviews","status-publish","has-post-thumbnail","hentry","categoria_consigli-libri-scelti-per-voi"],"acf":[],"yoast_head":"<!-- This site is optimized with the Yoast SEO plugin v25.0 - https:\/\/yoast.com\/wordpress\/plugins\/seo\/ -->\n<title>Temporali - Fondazione Pirelli<\/title>\n<meta name=\"robots\" content=\"index, follow, max-snippet:-1, max-image-preview:large, max-video-preview:-1\" \/>\n<link rel=\"canonical\" href=\"https:\/\/www.fondazionepirelli.org\/it\/la-fondazione-consiglia\/temporali\/\" \/>\n<meta property=\"og:locale\" content=\"it_IT\" \/>\n<meta property=\"og:type\" content=\"article\" \/>\n<meta property=\"og:title\" content=\"Temporali - Fondazione Pirelli\" \/>\n<meta property=\"og:description\" content=\"Venerd\u00ec 19 maggio, ore 11.56. A Bologna sta piovendo. Un improvviso boato sembra far presagire uno di quei temporali che potrebbe spazzare via ogni cosa. Ma non \u00e8 un tuono. \u00c8 una bomba. Quella appena scoppiata in un liceo di Bologna. \u00c8 l&#8217;attentato terroristico pi\u00f9 grave della storia italiana. O meglio, lo sarebbe stato se [&hellip;]\" \/>\n<meta property=\"og:url\" content=\"https:\/\/www.fondazionepirelli.org\/it\/la-fondazione-consiglia\/temporali\/\" \/>\n<meta property=\"og:site_name\" content=\"Fondazione Pirelli\" \/>\n<meta property=\"og:image\" content=\"https:\/\/wpsite-assets.fondazionepirelli.org\/wp-content\/uploads\/2023\/03\/01105621\/Temporali.png\" \/>\n\t<meta property=\"og:image:width\" content=\"536\" \/>\n\t<meta property=\"og:image:height\" content=\"511\" \/>\n\t<meta property=\"og:image:type\" content=\"image\/png\" \/>\n<meta name=\"twitter:card\" content=\"summary_large_image\" \/>\n<meta name=\"twitter:label1\" content=\"Tempo di lettura stimato\" \/>\n\t<meta name=\"twitter:data1\" content=\"1 minuto\" \/>\n<script type=\"application\/ld+json\" class=\"yoast-schema-graph\">{\"@context\":\"https:\/\/schema.org\",\"@graph\":[{\"@type\":\"WebPage\",\"@id\":\"https:\/\/www.fondazionepirelli.org\/it\/la-fondazione-consiglia\/temporali\/\",\"url\":\"https:\/\/www.fondazionepirelli.org\/it\/la-fondazione-consiglia\/temporali\/\",\"name\":\"Temporali - Fondazione Pirelli\",\"isPartOf\":{\"@id\":\"https:\/\/www.fondazionepirelli.org\/it\/#website\"},\"primaryImageOfPage\":{\"@id\":\"https:\/\/www.fondazionepirelli.org\/it\/la-fondazione-consiglia\/temporali\/#primaryimage\"},\"image\":{\"@id\":\"https:\/\/www.fondazionepirelli.org\/it\/la-fondazione-consiglia\/temporali\/#primaryimage\"},\"thumbnailUrl\":\"https:\/\/wpsite-assets.fondazionepirelli.org\/wp-content\/uploads\/2023\/03\/01105621\/Temporali.png\",\"datePublished\":\"2023-03-01T09:56:28+00:00\",\"breadcrumb\":{\"@id\":\"https:\/\/www.fondazionepirelli.org\/it\/la-fondazione-consiglia\/temporali\/#breadcrumb\"},\"inLanguage\":\"it-IT\",\"potentialAction\":[{\"@type\":\"ReadAction\",\"target\":[\"https:\/\/www.fondazionepirelli.org\/it\/la-fondazione-consiglia\/temporali\/\"]}]},{\"@type\":\"ImageObject\",\"inLanguage\":\"it-IT\",\"@id\":\"https:\/\/www.fondazionepirelli.org\/it\/la-fondazione-consiglia\/temporali\/#primaryimage\",\"url\":\"https:\/\/wpsite-assets.fondazionepirelli.org\/wp-content\/uploads\/2023\/03\/01105621\/Temporali.png\",\"contentUrl\":\"https:\/\/wpsite-assets.fondazionepirelli.org\/wp-content\/uploads\/2023\/03\/01105621\/Temporali.png\",\"width\":536,\"height\":511},{\"@type\":\"BreadcrumbList\",\"@id\":\"https:\/\/www.fondazionepirelli.org\/it\/la-fondazione-consiglia\/temporali\/#breadcrumb\",\"itemListElement\":[{\"@type\":\"ListItem\",\"position\":1,\"name\":\"Home\",\"item\":\"https:\/\/www.fondazionepirelli.org\/it\/\"},{\"@type\":\"ListItem\",\"position\":2,\"name\":\"Temporali\"}]},{\"@type\":\"WebSite\",\"@id\":\"https:\/\/www.fondazionepirelli.org\/it\/#website\",\"url\":\"https:\/\/www.fondazionepirelli.org\/it\/\",\"name\":\"Fondazione Pirelli\",\"description\":\"\",\"potentialAction\":[{\"@type\":\"SearchAction\",\"target\":{\"@type\":\"EntryPoint\",\"urlTemplate\":\"https:\/\/www.fondazionepirelli.org\/it\/?s={search_term_string}\"},\"query-input\":{\"@type\":\"PropertyValueSpecification\",\"valueRequired\":true,\"valueName\":\"search_term_string\"}}],\"inLanguage\":\"it-IT\"}]}<\/script>\n<!-- \/ Yoast SEO plugin. -->","yoast_head_json":{"title":"Temporali - Fondazione Pirelli","robots":{"index":"index","follow":"follow","max-snippet":"max-snippet:-1","max-image-preview":"max-image-preview:large","max-video-preview":"max-video-preview:-1"},"canonical":"https:\/\/www.fondazionepirelli.org\/it\/la-fondazione-consiglia\/temporali\/","og_locale":"it_IT","og_type":"article","og_title":"Temporali - Fondazione Pirelli","og_description":"Venerd\u00ec 19 maggio, ore 11.56. A Bologna sta piovendo. Un improvviso boato sembra far presagire uno di quei temporali che potrebbe spazzare via ogni cosa. Ma non \u00e8 un tuono. \u00c8 una bomba. Quella appena scoppiata in un liceo di Bologna. \u00c8 l&#8217;attentato terroristico pi\u00f9 grave della storia italiana. O meglio, lo sarebbe stato se [&hellip;]","og_url":"https:\/\/www.fondazionepirelli.org\/it\/la-fondazione-consiglia\/temporali\/","og_site_name":"Fondazione Pirelli","og_image":[{"width":536,"height":511,"url":"https:\/\/wpsite-assets.fondazionepirelli.org\/wp-content\/uploads\/2023\/03\/01105621\/Temporali.png","type":"image\/png"}],"twitter_card":"summary_large_image","twitter_misc":{"Tempo di lettura stimato":"1 minuto"},"schema":{"@context":"https:\/\/schema.org","@graph":[{"@type":"WebPage","@id":"https:\/\/www.fondazionepirelli.org\/it\/la-fondazione-consiglia\/temporali\/","url":"https:\/\/www.fondazionepirelli.org\/it\/la-fondazione-consiglia\/temporali\/","name":"Temporali - Fondazione Pirelli","isPartOf":{"@id":"https:\/\/www.fondazionepirelli.org\/it\/#website"},"primaryImageOfPage":{"@id":"https:\/\/www.fondazionepirelli.org\/it\/la-fondazione-consiglia\/temporali\/#primaryimage"},"image":{"@id":"https:\/\/www.fondazionepirelli.org\/it\/la-fondazione-consiglia\/temporali\/#primaryimage"},"thumbnailUrl":"https:\/\/wpsite-assets.fondazionepirelli.org\/wp-content\/uploads\/2023\/03\/01105621\/Temporali.png","datePublished":"2023-03-01T09:56:28+00:00","breadcrumb":{"@id":"https:\/\/www.fondazionepirelli.org\/it\/la-fondazione-consiglia\/temporali\/#breadcrumb"},"inLanguage":"it-IT","potentialAction":[{"@type":"ReadAction","target":["https:\/\/www.fondazionepirelli.org\/it\/la-fondazione-consiglia\/temporali\/"]}]},{"@type":"ImageObject","inLanguage":"it-IT","@id":"https:\/\/www.fondazionepirelli.org\/it\/la-fondazione-consiglia\/temporali\/#primaryimage","url":"https:\/\/wpsite-assets.fondazionepirelli.org\/wp-content\/uploads\/2023\/03\/01105621\/Temporali.png","contentUrl":"https:\/\/wpsite-assets.fondazionepirelli.org\/wp-content\/uploads\/2023\/03\/01105621\/Temporali.png","width":536,"height":511},{"@type":"BreadcrumbList","@id":"https:\/\/www.fondazionepirelli.org\/it\/la-fondazione-consiglia\/temporali\/#breadcrumb","itemListElement":[{"@type":"ListItem","position":1,"name":"Home","item":"https:\/\/www.fondazionepirelli.org\/it\/"},{"@type":"ListItem","position":2,"name":"Temporali"}]},{"@type":"WebSite","@id":"https:\/\/www.fondazionepirelli.org\/it\/#website","url":"https:\/\/www.fondazionepirelli.org\/it\/","name":"Fondazione Pirelli","description":"","potentialAction":[{"@type":"SearchAction","target":{"@type":"EntryPoint","urlTemplate":"https:\/\/www.fondazionepirelli.org\/it\/?s={search_term_string}"},"query-input":{"@type":"PropertyValueSpecification","valueRequired":true,"valueName":"search_term_string"}}],"inLanguage":"it-IT"}]}},"_links":{"self":[{"href":"https:\/\/www.fondazionepirelli.org\/it\/wp-json\/wp\/v2\/reviews\/94626\/"}],"collection":[{"href":"https:\/\/www.fondazionepirelli.org\/it\/wp-json\/wp\/v2\/reviews\/"}],"about":[{"href":"https:\/\/www.fondazionepirelli.org\/it\/wp-json\/wp\/v2\/types\/reviews\/"}],"wp:featuredmedia":[{"embeddable":true,"href":"https:\/\/www.fondazionepirelli.org\/it\/wp-json\/wp\/v2\/media\/94627\/"}],"wp:attachment":[{"href":"https:\/\/www.fondazionepirelli.org\/it\/wp-json\/wp\/v2\/media\/?parent=94626"}],"wp:term":[{"taxonomy":"categoria_consigli","embeddable":true,"href":"https:\/\/www.fondazionepirelli.org\/it\/wp-json\/wp\/v2\/categoria_consigli\/?post=94626"}],"curies":[{"name":"wp","href":"https:\/\/api.w.org\/{rel}","templated":true}]}}