{"id":95590,"date":"2023-04-26T09:24:57","date_gmt":"2023-04-26T08:24:57","guid":{"rendered":"https:\/\/www.fondazionepirelli.org\/?post_type=reviews&#038;p=95590"},"modified":"2023-04-26T09:42:07","modified_gmt":"2023-04-26T08:42:07","slug":"elma-e-lorso","status":"publish","type":"reviews","link":"https:\/\/www.fondazionepirelli.org\/it\/la-fondazione-consiglia\/elma-e-lorso\/","title":{"rendered":"Elma e l&#8217;orso"},"content":{"rendered":"<p>Come molte altre bambine, Elma \u00e8 molto avventurosa. Ma, a differenza delle altre, \u00e8 cresciuta insieme ad un orso che considera come un padre. Tutto cambia quando un giorno, d\u2019improvviso, Pap\u00e0 Orso le spiega che \u00e8 necessario intraprendano un viaggio. Dove stanno andando e perch\u00e9 \u00e8 cos\u00ec importante che ci arrivino?\u00a0Pap\u00e0 Orso non dice n\u00e9 quale sia la destinazione n\u00e9 il motivo. I due si incamminano e, tra le difficolt\u00e0 pi\u00f9 svariate, Elma riuscir\u00e0 a scoprire dettagli sul suo passato e sul suo futuro che non avrebbe mai immaginato e che pap\u00e0 Orso aveva tenuto nascosto per proteggerla. Da dove viene e qual \u00e8 \u2013 ora che lo sa \u2013 il suo destino?<\/p><p>Il graphic novel di Ingrid Chabbert, dolcemente illustrato da L\u00e9a Maz\u00e9, parte da una ricerca che \u00e8 insieme un ritorno alle origini. L\u2019innesco della narrazione \u00e8 rappresentato da un lupo che, con tono misterioso ed allusivo, ricorda a Pap\u00e0 Orso che \u00abi sette anni sono passati\u00bb. L\u2019eco di Kipling \u00e8 evidente: Elma ricorda una moderna Mowgli (selvaggia, libera, \u201cadottata\u201d da uno degli animali del bosco in cui era stata abbandonata); il viaggio nel bosco in direzione di un villaggio umano non \u00e8 privo di prove, pericoli, colpi di scena ma anche consapevolezze identitarie tipiche del romanzo di formazione (con tanto di una ostile forza magica che sembra non voler lasciare andare Elma).<\/p>\n<p>Mentre alla piccola settenne viene richiesto di crescere, l\u2019orso vive un profondo travaglio emotivo perch\u00e9 lui sa qual \u00e8 la meta, fisica ed emotiva, e cosa comporter\u00e0: la separazione e insieme l\u2019incontro con la vera madre di Elma. E qui, la scrittrice lascia aperto il finale: cosa succeder\u00e0? Che cosa ha determinato l\u2019abbandono di Elma? Cos\u2019\u00e8 questa forza magica e perch\u00e9 suo pap\u00e0 \u00e8 diventato un orso?<\/p><p><em>Elma e l&#8217;orso<\/em><\/p>\n<p>di\u00a0Ingrid Chabbert\u00a0con le illustrazioni di L\u00e9a Maz\u00e9<br \/>\nTunu\u00e8, 2023<\/p>\n","protected":false},"excerpt":{"rendered":"<p>Come molte altre bambine, Elma \u00e8 molto avventurosa. Ma, a differenza delle altre, \u00e8 cresciuta insieme ad un orso che considera come un padre. Tutto cambia quando un giorno, d\u2019improvviso, Pap\u00e0 Orso le spiega che \u00e8 necessario intraprendano un viaggio. Dove stanno andando e perch\u00e9 \u00e8 cos\u00ec importante che ci arrivino?\u00a0Pap\u00e0 Orso non dice n\u00e9 [&hellip;]<\/p>\n","protected":false},"featured_media":95591,"template":"","categoria_consigli":[623],"class_list":["post-95590","reviews","type-reviews","status-publish","has-post-thumbnail","hentry","categoria_consigli-libri-scelti-per-voi"],"acf":[],"yoast_head":"<!-- This site is optimized with the Yoast SEO plugin v25.0 - https:\/\/yoast.com\/wordpress\/plugins\/seo\/ -->\n<title>Elma e l&#039;orso - Fondazione Pirelli<\/title>\n<meta name=\"robots\" content=\"index, follow, max-snippet:-1, max-image-preview:large, max-video-preview:-1\" \/>\n<link rel=\"canonical\" href=\"https:\/\/www.fondazionepirelli.org\/it\/la-fondazione-consiglia\/elma-e-lorso\/\" \/>\n<meta property=\"og:locale\" content=\"it_IT\" \/>\n<meta property=\"og:type\" content=\"article\" \/>\n<meta property=\"og:title\" content=\"Elma e l&#039;orso - Fondazione Pirelli\" \/>\n<meta property=\"og:description\" content=\"Come molte altre bambine, Elma \u00e8 molto avventurosa. Ma, a differenza delle altre, \u00e8 cresciuta insieme ad un orso che considera come un padre. Tutto cambia quando un giorno, d\u2019improvviso, Pap\u00e0 Orso le spiega che \u00e8 necessario intraprendano un viaggio. Dove stanno andando e perch\u00e9 \u00e8 cos\u00ec importante che ci arrivino?\u00a0Pap\u00e0 Orso non dice n\u00e9 [&hellip;]\" \/>\n<meta property=\"og:url\" content=\"https:\/\/www.fondazionepirelli.org\/it\/la-fondazione-consiglia\/elma-e-lorso\/\" \/>\n<meta property=\"og:site_name\" content=\"Fondazione Pirelli\" \/>\n<meta property=\"article:modified_time\" content=\"2023-04-26T08:42:07+00:00\" \/>\n<meta property=\"og:image\" content=\"https:\/\/wpsite-assets.fondazionepirelli.org\/wp-content\/uploads\/2023\/04\/21112452\/Elma-e-lorso.png\" \/>\n\t<meta property=\"og:image:width\" content=\"536\" \/>\n\t<meta property=\"og:image:height\" content=\"511\" \/>\n\t<meta property=\"og:image:type\" content=\"image\/png\" \/>\n<meta name=\"twitter:card\" content=\"summary_large_image\" \/>\n<meta name=\"twitter:label1\" content=\"Tempo di lettura stimato\" \/>\n\t<meta name=\"twitter:data1\" content=\"2 minuti\" \/>\n<script type=\"application\/ld+json\" class=\"yoast-schema-graph\">{\"@context\":\"https:\/\/schema.org\",\"@graph\":[{\"@type\":\"WebPage\",\"@id\":\"https:\/\/www.fondazionepirelli.org\/it\/la-fondazione-consiglia\/elma-e-lorso\/\",\"url\":\"https:\/\/www.fondazionepirelli.org\/it\/la-fondazione-consiglia\/elma-e-lorso\/\",\"name\":\"Elma e l'orso - Fondazione Pirelli\",\"isPartOf\":{\"@id\":\"https:\/\/www.fondazionepirelli.org\/it\/#website\"},\"primaryImageOfPage\":{\"@id\":\"https:\/\/www.fondazionepirelli.org\/it\/la-fondazione-consiglia\/elma-e-lorso\/#primaryimage\"},\"image\":{\"@id\":\"https:\/\/www.fondazionepirelli.org\/it\/la-fondazione-consiglia\/elma-e-lorso\/#primaryimage\"},\"thumbnailUrl\":\"https:\/\/wpsite-assets.fondazionepirelli.org\/wp-content\/uploads\/2023\/04\/21112452\/Elma-e-lorso.png\",\"datePublished\":\"2023-04-26T08:24:57+00:00\",\"dateModified\":\"2023-04-26T08:42:07+00:00\",\"breadcrumb\":{\"@id\":\"https:\/\/www.fondazionepirelli.org\/it\/la-fondazione-consiglia\/elma-e-lorso\/#breadcrumb\"},\"inLanguage\":\"it-IT\",\"potentialAction\":[{\"@type\":\"ReadAction\",\"target\":[\"https:\/\/www.fondazionepirelli.org\/it\/la-fondazione-consiglia\/elma-e-lorso\/\"]}]},{\"@type\":\"ImageObject\",\"inLanguage\":\"it-IT\",\"@id\":\"https:\/\/www.fondazionepirelli.org\/it\/la-fondazione-consiglia\/elma-e-lorso\/#primaryimage\",\"url\":\"https:\/\/wpsite-assets.fondazionepirelli.org\/wp-content\/uploads\/2023\/04\/21112452\/Elma-e-lorso.png\",\"contentUrl\":\"https:\/\/wpsite-assets.fondazionepirelli.org\/wp-content\/uploads\/2023\/04\/21112452\/Elma-e-lorso.png\",\"width\":536,\"height\":511},{\"@type\":\"BreadcrumbList\",\"@id\":\"https:\/\/www.fondazionepirelli.org\/it\/la-fondazione-consiglia\/elma-e-lorso\/#breadcrumb\",\"itemListElement\":[{\"@type\":\"ListItem\",\"position\":1,\"name\":\"Home\",\"item\":\"https:\/\/www.fondazionepirelli.org\/it\/\"},{\"@type\":\"ListItem\",\"position\":2,\"name\":\"Elma e l&#8217;orso\"}]},{\"@type\":\"WebSite\",\"@id\":\"https:\/\/www.fondazionepirelli.org\/it\/#website\",\"url\":\"https:\/\/www.fondazionepirelli.org\/it\/\",\"name\":\"Fondazione Pirelli\",\"description\":\"\",\"potentialAction\":[{\"@type\":\"SearchAction\",\"target\":{\"@type\":\"EntryPoint\",\"urlTemplate\":\"https:\/\/www.fondazionepirelli.org\/it\/?s={search_term_string}\"},\"query-input\":{\"@type\":\"PropertyValueSpecification\",\"valueRequired\":true,\"valueName\":\"search_term_string\"}}],\"inLanguage\":\"it-IT\"}]}<\/script>\n<!-- \/ Yoast SEO plugin. -->","yoast_head_json":{"title":"Elma e l'orso - Fondazione Pirelli","robots":{"index":"index","follow":"follow","max-snippet":"max-snippet:-1","max-image-preview":"max-image-preview:large","max-video-preview":"max-video-preview:-1"},"canonical":"https:\/\/www.fondazionepirelli.org\/it\/la-fondazione-consiglia\/elma-e-lorso\/","og_locale":"it_IT","og_type":"article","og_title":"Elma e l'orso - Fondazione Pirelli","og_description":"Come molte altre bambine, Elma \u00e8 molto avventurosa. Ma, a differenza delle altre, \u00e8 cresciuta insieme ad un orso che considera come un padre. Tutto cambia quando un giorno, d\u2019improvviso, Pap\u00e0 Orso le spiega che \u00e8 necessario intraprendano un viaggio. Dove stanno andando e perch\u00e9 \u00e8 cos\u00ec importante che ci arrivino?\u00a0Pap\u00e0 Orso non dice n\u00e9 [&hellip;]","og_url":"https:\/\/www.fondazionepirelli.org\/it\/la-fondazione-consiglia\/elma-e-lorso\/","og_site_name":"Fondazione Pirelli","article_modified_time":"2023-04-26T08:42:07+00:00","og_image":[{"width":536,"height":511,"url":"https:\/\/wpsite-assets.fondazionepirelli.org\/wp-content\/uploads\/2023\/04\/21112452\/Elma-e-lorso.png","type":"image\/png"}],"twitter_card":"summary_large_image","twitter_misc":{"Tempo di lettura stimato":"2 minuti"},"schema":{"@context":"https:\/\/schema.org","@graph":[{"@type":"WebPage","@id":"https:\/\/www.fondazionepirelli.org\/it\/la-fondazione-consiglia\/elma-e-lorso\/","url":"https:\/\/www.fondazionepirelli.org\/it\/la-fondazione-consiglia\/elma-e-lorso\/","name":"Elma e l'orso - Fondazione Pirelli","isPartOf":{"@id":"https:\/\/www.fondazionepirelli.org\/it\/#website"},"primaryImageOfPage":{"@id":"https:\/\/www.fondazionepirelli.org\/it\/la-fondazione-consiglia\/elma-e-lorso\/#primaryimage"},"image":{"@id":"https:\/\/www.fondazionepirelli.org\/it\/la-fondazione-consiglia\/elma-e-lorso\/#primaryimage"},"thumbnailUrl":"https:\/\/wpsite-assets.fondazionepirelli.org\/wp-content\/uploads\/2023\/04\/21112452\/Elma-e-lorso.png","datePublished":"2023-04-26T08:24:57+00:00","dateModified":"2023-04-26T08:42:07+00:00","breadcrumb":{"@id":"https:\/\/www.fondazionepirelli.org\/it\/la-fondazione-consiglia\/elma-e-lorso\/#breadcrumb"},"inLanguage":"it-IT","potentialAction":[{"@type":"ReadAction","target":["https:\/\/www.fondazionepirelli.org\/it\/la-fondazione-consiglia\/elma-e-lorso\/"]}]},{"@type":"ImageObject","inLanguage":"it-IT","@id":"https:\/\/www.fondazionepirelli.org\/it\/la-fondazione-consiglia\/elma-e-lorso\/#primaryimage","url":"https:\/\/wpsite-assets.fondazionepirelli.org\/wp-content\/uploads\/2023\/04\/21112452\/Elma-e-lorso.png","contentUrl":"https:\/\/wpsite-assets.fondazionepirelli.org\/wp-content\/uploads\/2023\/04\/21112452\/Elma-e-lorso.png","width":536,"height":511},{"@type":"BreadcrumbList","@id":"https:\/\/www.fondazionepirelli.org\/it\/la-fondazione-consiglia\/elma-e-lorso\/#breadcrumb","itemListElement":[{"@type":"ListItem","position":1,"name":"Home","item":"https:\/\/www.fondazionepirelli.org\/it\/"},{"@type":"ListItem","position":2,"name":"Elma e l&#8217;orso"}]},{"@type":"WebSite","@id":"https:\/\/www.fondazionepirelli.org\/it\/#website","url":"https:\/\/www.fondazionepirelli.org\/it\/","name":"Fondazione Pirelli","description":"","potentialAction":[{"@type":"SearchAction","target":{"@type":"EntryPoint","urlTemplate":"https:\/\/www.fondazionepirelli.org\/it\/?s={search_term_string}"},"query-input":{"@type":"PropertyValueSpecification","valueRequired":true,"valueName":"search_term_string"}}],"inLanguage":"it-IT"}]}},"_links":{"self":[{"href":"https:\/\/www.fondazionepirelli.org\/it\/wp-json\/wp\/v2\/reviews\/95590\/"}],"collection":[{"href":"https:\/\/www.fondazionepirelli.org\/it\/wp-json\/wp\/v2\/reviews\/"}],"about":[{"href":"https:\/\/www.fondazionepirelli.org\/it\/wp-json\/wp\/v2\/types\/reviews\/"}],"wp:featuredmedia":[{"embeddable":true,"href":"https:\/\/www.fondazionepirelli.org\/it\/wp-json\/wp\/v2\/media\/95591\/"}],"wp:attachment":[{"href":"https:\/\/www.fondazionepirelli.org\/it\/wp-json\/wp\/v2\/media\/?parent=95590"}],"wp:term":[{"taxonomy":"categoria_consigli","embeddable":true,"href":"https:\/\/www.fondazionepirelli.org\/it\/wp-json\/wp\/v2\/categoria_consigli\/?post=95590"}],"curies":[{"name":"wp","href":"https:\/\/api.w.org\/{rel}","templated":true}]}}