{"id":99839,"date":"2024-04-17T08:33:27","date_gmt":"2024-04-17T07:33:27","guid":{"rendered":"https:\/\/www.fondazionepirelli.org\/?post_type=reviews&#038;p=99839"},"modified":"2024-03-22T10:35:06","modified_gmt":"2024-03-22T09:35:06","slug":"gabriel-garcia-marquez-2","status":"publish","type":"reviews","link":"https:\/\/www.fondazionepirelli.org\/it\/la-fondazione-consiglia\/gabriel-garcia-marquez-2\/","title":{"rendered":"Gabriel Garc\u00eda M\u00e1rquez"},"content":{"rendered":"<p>Gabriel Garc\u00eda M\u00e1rquez nasce ad Aracataca, in Colombia, il 6 marzo 1927 e muore a Citt\u00e0 del Messico il 17 aprile 2014.<\/p>\n<p>Garc\u00eda M\u00e1rquez \u00e8 uno dei pi\u00f9 importanti scrittori dell\u2019America Latina del XX secolo, autore di punta del movimento del realismo magico. In \u201cCent\u2019anni di solitudine\u201d racconta di un\u2019immaginaria citt\u00e0 caraibica, Macondo, dove il lettore segue le vicende di sette generazioni della famiglia Buend\u00eda, il cui capostipite &#8211; Jos\u00e9 Arcadio &#8211; fu il fondatore della citt\u00e0.<\/p>\n","protected":false},"excerpt":{"rendered":"<p>Gabriel Garc\u00eda M\u00e1rquez nasce ad Aracataca, in Colombia, il 6 marzo 1927 e muore a Citt\u00e0 del Messico il 17 aprile 2014. Garc\u00eda M\u00e1rquez \u00e8 uno dei pi\u00f9 importanti scrittori dell\u2019America Latina del XX secolo, autore di punta del movimento del realismo magico. In \u201cCent\u2019anni di solitudine\u201d racconta di un\u2019immaginaria citt\u00e0 caraibica, Macondo, dove il [&hellip;]<\/p>\n","protected":false},"featured_media":99840,"template":"","categoria_consigli":[624],"class_list":["post-99839","reviews","type-reviews","status-publish","has-post-thumbnail","hentry","categoria_consigli-dal-mondo-della-lettura"],"acf":[],"yoast_head":"<!-- This site is optimized with the Yoast SEO plugin v25.0 - https:\/\/yoast.com\/wordpress\/plugins\/seo\/ -->\n<title>Gabriel Garc\u00eda M\u00e1rquez - Fondazione Pirelli<\/title>\n<meta name=\"robots\" content=\"index, follow, max-snippet:-1, max-image-preview:large, max-video-preview:-1\" \/>\n<link rel=\"canonical\" href=\"https:\/\/www.fondazionepirelli.org\/it\/la-fondazione-consiglia\/gabriel-garcia-marquez-2\/\" \/>\n<meta property=\"og:locale\" content=\"it_IT\" \/>\n<meta property=\"og:type\" content=\"article\" \/>\n<meta property=\"og:title\" content=\"Gabriel Garc\u00eda M\u00e1rquez - Fondazione Pirelli\" \/>\n<meta property=\"og:description\" content=\"Gabriel Garc\u00eda M\u00e1rquez nasce ad Aracataca, in Colombia, il 6 marzo 1927 e muore a Citt\u00e0 del Messico il 17 aprile 2014. Garc\u00eda M\u00e1rquez \u00e8 uno dei pi\u00f9 importanti scrittori dell\u2019America Latina del XX secolo, autore di punta del movimento del realismo magico. In \u201cCent\u2019anni di solitudine\u201d racconta di un\u2019immaginaria citt\u00e0 caraibica, Macondo, dove il [&hellip;]\" \/>\n<meta property=\"og:url\" content=\"https:\/\/www.fondazionepirelli.org\/it\/la-fondazione-consiglia\/gabriel-garcia-marquez-2\/\" \/>\n<meta property=\"og:site_name\" content=\"Fondazione Pirelli\" \/>\n<meta property=\"og:image\" content=\"https:\/\/wpsite-assets.fondazionepirelli.org\/wp-content\/uploads\/2024\/03\/22103404\/Marquez.png\" \/>\n\t<meta property=\"og:image:width\" content=\"536\" \/>\n\t<meta property=\"og:image:height\" content=\"511\" \/>\n\t<meta property=\"og:image:type\" content=\"image\/png\" \/>\n<meta name=\"twitter:card\" content=\"summary_large_image\" \/>\n<script type=\"application\/ld+json\" class=\"yoast-schema-graph\">{\"@context\":\"https:\/\/schema.org\",\"@graph\":[{\"@type\":\"WebPage\",\"@id\":\"https:\/\/www.fondazionepirelli.org\/it\/la-fondazione-consiglia\/gabriel-garcia-marquez-2\/\",\"url\":\"https:\/\/www.fondazionepirelli.org\/it\/la-fondazione-consiglia\/gabriel-garcia-marquez-2\/\",\"name\":\"Gabriel Garc\u00eda M\u00e1rquez - Fondazione Pirelli\",\"isPartOf\":{\"@id\":\"https:\/\/www.fondazionepirelli.org\/it\/#website\"},\"primaryImageOfPage\":{\"@id\":\"https:\/\/www.fondazionepirelli.org\/it\/la-fondazione-consiglia\/gabriel-garcia-marquez-2\/#primaryimage\"},\"image\":{\"@id\":\"https:\/\/www.fondazionepirelli.org\/it\/la-fondazione-consiglia\/gabriel-garcia-marquez-2\/#primaryimage\"},\"thumbnailUrl\":\"https:\/\/wpsite-assets.fondazionepirelli.org\/wp-content\/uploads\/2024\/03\/22103404\/Marquez.png\",\"datePublished\":\"2024-04-17T07:33:27+00:00\",\"breadcrumb\":{\"@id\":\"https:\/\/www.fondazionepirelli.org\/it\/la-fondazione-consiglia\/gabriel-garcia-marquez-2\/#breadcrumb\"},\"inLanguage\":\"it-IT\",\"potentialAction\":[{\"@type\":\"ReadAction\",\"target\":[\"https:\/\/www.fondazionepirelli.org\/it\/la-fondazione-consiglia\/gabriel-garcia-marquez-2\/\"]}]},{\"@type\":\"ImageObject\",\"inLanguage\":\"it-IT\",\"@id\":\"https:\/\/www.fondazionepirelli.org\/it\/la-fondazione-consiglia\/gabriel-garcia-marquez-2\/#primaryimage\",\"url\":\"https:\/\/wpsite-assets.fondazionepirelli.org\/wp-content\/uploads\/2024\/03\/22103404\/Marquez.png\",\"contentUrl\":\"https:\/\/wpsite-assets.fondazionepirelli.org\/wp-content\/uploads\/2024\/03\/22103404\/Marquez.png\",\"width\":536,\"height\":511},{\"@type\":\"BreadcrumbList\",\"@id\":\"https:\/\/www.fondazionepirelli.org\/it\/la-fondazione-consiglia\/gabriel-garcia-marquez-2\/#breadcrumb\",\"itemListElement\":[{\"@type\":\"ListItem\",\"position\":1,\"name\":\"Home\",\"item\":\"https:\/\/www.fondazionepirelli.org\/it\/\"},{\"@type\":\"ListItem\",\"position\":2,\"name\":\"Gabriel Garc\u00eda M\u00e1rquez\"}]},{\"@type\":\"WebSite\",\"@id\":\"https:\/\/www.fondazionepirelli.org\/it\/#website\",\"url\":\"https:\/\/www.fondazionepirelli.org\/it\/\",\"name\":\"Fondazione Pirelli\",\"description\":\"\",\"potentialAction\":[{\"@type\":\"SearchAction\",\"target\":{\"@type\":\"EntryPoint\",\"urlTemplate\":\"https:\/\/www.fondazionepirelli.org\/it\/?s={search_term_string}\"},\"query-input\":{\"@type\":\"PropertyValueSpecification\",\"valueRequired\":true,\"valueName\":\"search_term_string\"}}],\"inLanguage\":\"it-IT\"}]}<\/script>\n<!-- \/ Yoast SEO plugin. -->","yoast_head_json":{"title":"Gabriel Garc\u00eda M\u00e1rquez - Fondazione Pirelli","robots":{"index":"index","follow":"follow","max-snippet":"max-snippet:-1","max-image-preview":"max-image-preview:large","max-video-preview":"max-video-preview:-1"},"canonical":"https:\/\/www.fondazionepirelli.org\/it\/la-fondazione-consiglia\/gabriel-garcia-marquez-2\/","og_locale":"it_IT","og_type":"article","og_title":"Gabriel Garc\u00eda M\u00e1rquez - Fondazione Pirelli","og_description":"Gabriel Garc\u00eda M\u00e1rquez nasce ad Aracataca, in Colombia, il 6 marzo 1927 e muore a Citt\u00e0 del Messico il 17 aprile 2014. Garc\u00eda M\u00e1rquez \u00e8 uno dei pi\u00f9 importanti scrittori dell\u2019America Latina del XX secolo, autore di punta del movimento del realismo magico. In \u201cCent\u2019anni di solitudine\u201d racconta di un\u2019immaginaria citt\u00e0 caraibica, Macondo, dove il [&hellip;]","og_url":"https:\/\/www.fondazionepirelli.org\/it\/la-fondazione-consiglia\/gabriel-garcia-marquez-2\/","og_site_name":"Fondazione Pirelli","og_image":[{"width":536,"height":511,"url":"https:\/\/wpsite-assets.fondazionepirelli.org\/wp-content\/uploads\/2024\/03\/22103404\/Marquez.png","type":"image\/png"}],"twitter_card":"summary_large_image","schema":{"@context":"https:\/\/schema.org","@graph":[{"@type":"WebPage","@id":"https:\/\/www.fondazionepirelli.org\/it\/la-fondazione-consiglia\/gabriel-garcia-marquez-2\/","url":"https:\/\/www.fondazionepirelli.org\/it\/la-fondazione-consiglia\/gabriel-garcia-marquez-2\/","name":"Gabriel Garc\u00eda M\u00e1rquez - Fondazione Pirelli","isPartOf":{"@id":"https:\/\/www.fondazionepirelli.org\/it\/#website"},"primaryImageOfPage":{"@id":"https:\/\/www.fondazionepirelli.org\/it\/la-fondazione-consiglia\/gabriel-garcia-marquez-2\/#primaryimage"},"image":{"@id":"https:\/\/www.fondazionepirelli.org\/it\/la-fondazione-consiglia\/gabriel-garcia-marquez-2\/#primaryimage"},"thumbnailUrl":"https:\/\/wpsite-assets.fondazionepirelli.org\/wp-content\/uploads\/2024\/03\/22103404\/Marquez.png","datePublished":"2024-04-17T07:33:27+00:00","breadcrumb":{"@id":"https:\/\/www.fondazionepirelli.org\/it\/la-fondazione-consiglia\/gabriel-garcia-marquez-2\/#breadcrumb"},"inLanguage":"it-IT","potentialAction":[{"@type":"ReadAction","target":["https:\/\/www.fondazionepirelli.org\/it\/la-fondazione-consiglia\/gabriel-garcia-marquez-2\/"]}]},{"@type":"ImageObject","inLanguage":"it-IT","@id":"https:\/\/www.fondazionepirelli.org\/it\/la-fondazione-consiglia\/gabriel-garcia-marquez-2\/#primaryimage","url":"https:\/\/wpsite-assets.fondazionepirelli.org\/wp-content\/uploads\/2024\/03\/22103404\/Marquez.png","contentUrl":"https:\/\/wpsite-assets.fondazionepirelli.org\/wp-content\/uploads\/2024\/03\/22103404\/Marquez.png","width":536,"height":511},{"@type":"BreadcrumbList","@id":"https:\/\/www.fondazionepirelli.org\/it\/la-fondazione-consiglia\/gabriel-garcia-marquez-2\/#breadcrumb","itemListElement":[{"@type":"ListItem","position":1,"name":"Home","item":"https:\/\/www.fondazionepirelli.org\/it\/"},{"@type":"ListItem","position":2,"name":"Gabriel Garc\u00eda M\u00e1rquez"}]},{"@type":"WebSite","@id":"https:\/\/www.fondazionepirelli.org\/it\/#website","url":"https:\/\/www.fondazionepirelli.org\/it\/","name":"Fondazione Pirelli","description":"","potentialAction":[{"@type":"SearchAction","target":{"@type":"EntryPoint","urlTemplate":"https:\/\/www.fondazionepirelli.org\/it\/?s={search_term_string}"},"query-input":{"@type":"PropertyValueSpecification","valueRequired":true,"valueName":"search_term_string"}}],"inLanguage":"it-IT"}]}},"_links":{"self":[{"href":"https:\/\/www.fondazionepirelli.org\/it\/wp-json\/wp\/v2\/reviews\/99839\/"}],"collection":[{"href":"https:\/\/www.fondazionepirelli.org\/it\/wp-json\/wp\/v2\/reviews\/"}],"about":[{"href":"https:\/\/www.fondazionepirelli.org\/it\/wp-json\/wp\/v2\/types\/reviews\/"}],"wp:featuredmedia":[{"embeddable":true,"href":"https:\/\/www.fondazionepirelli.org\/it\/wp-json\/wp\/v2\/media\/99840\/"}],"wp:attachment":[{"href":"https:\/\/www.fondazionepirelli.org\/it\/wp-json\/wp\/v2\/media\/?parent=99839"}],"wp:term":[{"taxonomy":"categoria_consigli","embeddable":true,"href":"https:\/\/www.fondazionepirelli.org\/it\/wp-json\/wp\/v2\/categoria_consigli\/?post=99839"}],"curies":[{"name":"wp","href":"https:\/\/api.w.org\/{rel}","templated":true}]}}